{"id":118,"date":"2023-05-29T12:39:18","date_gmt":"2023-05-29T12:39:18","guid":{"rendered":"https:\/\/www.ferienwohnung-wilsnack.de\/?page_id=118"},"modified":"2024-01-28T22:25:52","modified_gmt":"2024-01-28T22:25:52","slug":"kontakt","status":"publish","type":"page","link":"https:\/\/ferienwohnung-bad-wilsnack.de\/index.php\/kontakt\/","title":{"rendered":"Kontakt"},"content":{"rendered":"\t\t<div data-elementor-type=\"wp-page\" data-elementor-id=\"118\" class=\"elementor elementor-118\">\n\t\t\t\t\t\t<section class=\"elementor-section elementor-top-section elementor-element elementor-element-19d15a6 elementor-section-boxed elementor-section-height-default elementor-section-height-default\" data-id=\"19d15a6\" data-element_type=\"section\" data-e-type=\"section\">\n\t\t\t\t\t\t<div class=\"elementor-container elementor-column-gap-default\">\n\t\t\t\t\t<div class=\"elementor-column elementor-col-100 elementor-top-column elementor-element elementor-element-9b66a17\" data-id=\"9b66a17\" data-element_type=\"column\" data-e-type=\"column\">\n\t\t\t<div class=\"elementor-widget-wrap elementor-element-populated\">\n\t\t\t\t\t\t<div class=\"elementor-element elementor-element-6e1ddc2 elementor-widget elementor-widget-heading\" data-id=\"6e1ddc2\" data-element_type=\"widget\" data-e-type=\"widget\" data-widget_type=\"heading.default\">\n\t\t\t\t<div class=\"elementor-widget-container\">\n\t\t\t\t\t<h2 class=\"elementor-heading-title elementor-size-default\">Kontakt<\/h2>\t\t\t\t<\/div>\n\t\t\t\t<\/div>\n\t\t\t\t<div class=\"elementor-element elementor-element-75c2234 elementor-widget elementor-widget-text-editor\" data-id=\"75c2234\" data-element_type=\"widget\" data-e-type=\"widget\" data-widget_type=\"text-editor.default\">\n\t\t\t\t<div class=\"elementor-widget-container\">\n\t\t\t\t\t\t\t\t\t<p>Sie m\u00f6chten eine Wohnung buchen oder haben Fragen?<\/p>\n<p>Dann nehmen Sie bitte mit mir Kontakt auf.<\/p>\n<p>Der schnellste Weg ist der direkte Anruf.<\/p>\n<h5><strong>Mobil: 0176-73879610<\/strong><\/h5>\n<h5>oder Festnetz: 038791-849045<\/h5>\n<p>Sie k\u00f6nnen mir auch eine E-Mail schreiben.<\/p>\n<h5>fw-loebel@arcor.de<\/h5>\n<p>Postanschrift:<\/p>\n<p>Ferienwohnung<br>B. L\u00f6bel<br>Plattenburger Stra\u00dfe 3<br>19336 Bad Wilsnack<\/p>\t\t\t\t\t\t\t\t<\/div>\n\t\t\t\t<\/div>\n\t\t\t\t\t<\/div>\n\t\t<\/div>\n\t\t\t\t\t<\/div>\n\t\t<\/section>\n\t\t\t\t<section class=\"elementor-section elementor-top-section elementor-element elementor-element-a95cd23 elementor-section-boxed elementor-section-height-default elementor-section-height-default\" data-id=\"a95cd23\" data-element_type=\"section\" data-e-type=\"section\">\n\t\t\t\t\t\t<div class=\"elementor-container elementor-column-gap-default\">\n\t\t\t\t\t<div class=\"elementor-column elementor-col-100 elementor-top-column elementor-element elementor-element-b936181\" data-id=\"b936181\" data-element_type=\"column\" data-e-type=\"column\">\n\t\t\t<div class=\"elementor-widget-wrap elementor-element-populated\">\n\t\t\t\t\t\t<div class=\"elementor-element elementor-element-72088fa elementor-widget elementor-widget-wpforms\" data-id=\"72088fa\" data-element_type=\"widget\" data-e-type=\"widget\" data-widget_type=\"wpforms.default\">\n\t\t\t\t<div class=\"elementor-widget-container\">\n\t\t\t\t\t<div class=\"wpforms-container wpforms-container-full wpforms-render-modern\" id=\"wpforms-257\"><form id=\"wpforms-form-257\" class=\"wpforms-validate wpforms-form wpforms-ajax-form\" data-formid=\"257\" method=\"post\" enctype=\"multipart\/form-data\" action=\"\/index.php\/wp-json\/wp\/v2\/pages\/118\" data-token=\"a6e04b8771efbe55393dd5b6a2336ca9\" data-token-time=\"1777482791\"><noscript class=\"wpforms-error-noscript\">Bitte aktiviere JavaScript in deinem Browser, um dieses Formular fertigzustellen.<\/noscript><div id=\"wpforms-error-noscript\" style=\"display: none;\">Bitte aktiviere JavaScript in deinem Browser, um dieses Formular fertigzustellen.<\/div><div class=\"wpforms-field-container\"><div id=\"wpforms-257-field_0-container\" class=\"wpforms-field wpforms-field-name\" data-field-id=\"0\"><fieldset><legend class=\"wpforms-field-label\">Name <span class=\"wpforms-required-label\" aria-hidden=\"true\">*<\/span><\/legend><div class=\"wpforms-field-row wpforms-field-medium\"><div class=\"wpforms-field-row-block wpforms-first wpforms-one-half\"><input type=\"text\" id=\"wpforms-257-field_0\" class=\"wpforms-field-name-first wpforms-field-required\" name=\"wpforms[fields][0][first]\" placeholder=\"Vorname\" aria-errormessage=\"wpforms-257-field_0-error\" required><label for=\"wpforms-257-field_0\" class=\"wpforms-field-sublabel after\">Vorname<\/label><\/div><div class=\"wpforms-field-row-block wpforms-one-half\"><input type=\"text\" id=\"wpforms-257-field_0-last\" class=\"wpforms-field-name-last wpforms-field-required\" name=\"wpforms[fields][0][last]\" placeholder=\"Nachname\" aria-errormessage=\"wpforms-257-field_0-last-error\" required><label for=\"wpforms-257-field_0-last\" class=\"wpforms-field-sublabel after\">Nachname<\/label><\/div><\/div><\/fieldset><\/div><div id=\"wpforms-257-field_1-container\" class=\"wpforms-field wpforms-field-email\" data-field-id=\"1\"><label class=\"wpforms-field-label\" for=\"wpforms-257-field_1\">Email <span class=\"wpforms-required-label\" aria-hidden=\"true\">*<\/span><\/label><input type=\"email\" id=\"wpforms-257-field_1\" class=\"wpforms-field-medium wpforms-field-required\" name=\"wpforms[fields][1]\" spellcheck=\"false\" aria-errormessage=\"wpforms-257-field_1-error\" required><\/div><div id=\"wpforms-257-field_2-container\" class=\"wpforms-field wpforms-field-textarea\" data-field-id=\"2\"><label class=\"wpforms-field-label\" for=\"wpforms-257-field_2\">Deine Nachricht<\/label><textarea id=\"wpforms-257-field_2\" class=\"wpforms-field-medium\" name=\"wpforms[fields][2]\" aria-errormessage=\"wpforms-257-field_2-error\" ><\/textarea><\/div><\/div><!-- .wpforms-field-container --><div class=\"wpforms-recaptcha-container wpforms-is-recaptcha wpforms-is-recaptcha-type-v3\" ><input type=\"hidden\" name=\"wpforms[recaptcha]\" value=\"\"><\/div><div class=\"wpforms-submit-container\" ><input type=\"hidden\" name=\"wpforms[id]\" value=\"257\"><input type=\"hidden\" name=\"page_title\" value=\"\"><input type=\"hidden\" name=\"page_url\" value=\"https:\/\/ferienwohnung-bad-wilsnack.de\/index.php\/wp-json\/wp\/v2\/pages\/118\"><input type=\"hidden\" name=\"url_referer\" value=\"\"><button type=\"submit\" name=\"wpforms[submit]\" id=\"wpforms-submit-257\" class=\"wpforms-submit\" data-alt-text=\"Wird gesendet...\" data-submit-text=\"Senden\" aria-live=\"assertive\" value=\"wpforms-submit\">Senden<\/button><img decoding=\"async\" src=\"https:\/\/ferienwohnung-bad-wilsnack.de\/wp-content\/plugins\/wpforms-lite\/assets\/images\/submit-spin.svg\" class=\"wpforms-submit-spinner\" style=\"display: none;\" width=\"26\" height=\"26\" alt=\"Wird geladen\"><\/div><\/form><\/div>  <!-- .wpforms-container -->\t\t\t\t<\/div>\n\t\t\t\t<\/div>\n\t\t\t\t\t<\/div>\n\t\t<\/div>\n\t\t\t\t\t<\/div>\n\t\t<\/section>\n\t\t\t\t<\/div>\n\t\t","protected":false},"excerpt":{"rendered":"<p>Kontakt Sie m\u00f6chten eine Wohnung buchen oder haben Fragen? Dann nehmen Sie bitte mit mir Kontakt auf. Der schnellste Weg ist der direkte Anruf. Mobil: 0176-73879610 oder Festnetz: 038791-849045 Sie k\u00f6nnen mir auch eine E-Mail schreiben. fw-loebel@arcor.de Postanschrift: FerienwohnungB. L\u00f6belPlattenburger Stra\u00dfe 319336 Bad Wilsnack Bitte aktiviere JavaScript in deinem Browser, um dieses Formular fertigzustellen.Bitte aktiviere&#8230;<\/p>\n","protected":false},"author":1,"featured_media":0,"parent":0,"menu_order":0,"comment_status":"closed","ping_status":"closed","template":"","meta":{"_acf_changed":false,"_kad_post_transparent":"","_kad_post_title":"hide","_kad_post_layout":"fullwidth","_kad_post_sidebar_id":"","_kad_post_content_style":"unboxed","_kad_post_vertical_padding":"hide","_kad_post_feature":"hide","_kad_post_feature_position":"","_kad_post_header":false,"_kad_post_footer":false,"footnotes":""},"class_list":["post-118","page","type-page","status-publish","hentry"],"acf":[],"yoast_head":"<!-- This site is optimized with the Yoast SEO plugin v27.5 - https:\/\/yoast.com\/product\/yoast-seo-wordpress\/ -->\n<title>Kontakt - Ferienwohnung<\/title>\n<meta name=\"robots\" content=\"index, follow, max-snippet:-1, max-image-preview:large, max-video-preview:-1\" \/>\n<link rel=\"canonical\" href=\"https:\/\/ferienwohnung-bad-wilsnack.de\/index.php\/kontakt\/\" \/>\n<meta property=\"og:locale\" content=\"de_DE\" \/>\n<meta property=\"og:type\" content=\"article\" \/>\n<meta property=\"og:title\" content=\"Kontakt - Ferienwohnung\" \/>\n<meta property=\"og:description\" content=\"Kontakt Sie m\u00f6chten eine Wohnung buchen oder haben Fragen? Dann nehmen Sie bitte mit mir Kontakt auf. Der schnellste Weg ist der direkte Anruf. Mobil: 0176-73879610 oder Festnetz: 038791-849045 Sie k\u00f6nnen mir auch eine E-Mail schreiben. fw-loebel@arcor.de Postanschrift: FerienwohnungB. L\u00f6belPlattenburger Stra\u00dfe 319336 Bad Wilsnack Bitte aktiviere JavaScript in deinem Browser, um dieses Formular fertigzustellen.Bitte aktiviere...\" \/>\n<meta property=\"og:url\" content=\"https:\/\/ferienwohnung-bad-wilsnack.de\/index.php\/kontakt\/\" \/>\n<meta property=\"og:site_name\" content=\"Ferienwohnung\" \/>\n<meta property=\"article:modified_time\" content=\"2024-01-28T22:25:52+00:00\" \/>\n<meta property=\"og:image\" content=\"https:\/\/ferienwohnung-bad-wilsnack.de\/wp-content\/plugins\/wpforms-lite\/assets\/images\/submit-spin.svg\" \/>\n<meta name=\"twitter:card\" content=\"summary_large_image\" \/>\n<meta name=\"twitter:label1\" content=\"Gesch\u00e4tzte Lesezeit\" \/>\n\t<meta name=\"twitter:data1\" content=\"2\u00a0Minuten\" \/>\n<script type=\"application\/ld+json\" class=\"yoast-schema-graph\">{\"@context\":\"https:\\\/\\\/schema.org\",\"@graph\":[{\"@type\":\"WebPage\",\"@id\":\"https:\\\/\\\/ferienwohnung-bad-wilsnack.de\\\/index.php\\\/kontakt\\\/\",\"url\":\"https:\\\/\\\/ferienwohnung-bad-wilsnack.de\\\/index.php\\\/kontakt\\\/\",\"name\":\"Kontakt - Ferienwohnung\",\"isPartOf\":{\"@id\":\"https:\\\/\\\/ferienwohnung-bad-wilsnack.de\\\/#website\"},\"primaryImageOfPage\":{\"@id\":\"https:\\\/\\\/ferienwohnung-bad-wilsnack.de\\\/index.php\\\/kontakt\\\/#primaryimage\"},\"image\":{\"@id\":\"https:\\\/\\\/ferienwohnung-bad-wilsnack.de\\\/index.php\\\/kontakt\\\/#primaryimage\"},\"thumbnailUrl\":\"https:\\\/\\\/ferienwohnung-bad-wilsnack.de\\\/wp-content\\\/plugins\\\/wpforms-lite\\\/assets\\\/images\\\/submit-spin.svg\",\"datePublished\":\"2023-05-29T12:39:18+00:00\",\"dateModified\":\"2024-01-28T22:25:52+00:00\",\"breadcrumb\":{\"@id\":\"https:\\\/\\\/ferienwohnung-bad-wilsnack.de\\\/index.php\\\/kontakt\\\/#breadcrumb\"},\"inLanguage\":\"de\",\"potentialAction\":[{\"@type\":\"ReadAction\",\"target\":[\"https:\\\/\\\/ferienwohnung-bad-wilsnack.de\\\/index.php\\\/kontakt\\\/\"]}]},{\"@type\":\"ImageObject\",\"inLanguage\":\"de\",\"@id\":\"https:\\\/\\\/ferienwohnung-bad-wilsnack.de\\\/index.php\\\/kontakt\\\/#primaryimage\",\"url\":\"https:\\\/\\\/ferienwohnung-bad-wilsnack.de\\\/wp-content\\\/plugins\\\/wpforms-lite\\\/assets\\\/images\\\/submit-spin.svg\",\"contentUrl\":\"https:\\\/\\\/ferienwohnung-bad-wilsnack.de\\\/wp-content\\\/plugins\\\/wpforms-lite\\\/assets\\\/images\\\/submit-spin.svg\"},{\"@type\":\"BreadcrumbList\",\"@id\":\"https:\\\/\\\/ferienwohnung-bad-wilsnack.de\\\/index.php\\\/kontakt\\\/#breadcrumb\",\"itemListElement\":[{\"@type\":\"ListItem\",\"position\":1,\"name\":\"Startseite\",\"item\":\"https:\\\/\\\/ferienwohnung-bad-wilsnack.de\\\/\"},{\"@type\":\"ListItem\",\"position\":2,\"name\":\"Kontakt\"}]},{\"@type\":\"WebSite\",\"@id\":\"https:\\\/\\\/ferienwohnung-bad-wilsnack.de\\\/#website\",\"url\":\"https:\\\/\\\/ferienwohnung-bad-wilsnack.de\\\/\",\"name\":\"Ferienwohnung\",\"description\":\"\",\"publisher\":{\"@id\":\"https:\\\/\\\/ferienwohnung-bad-wilsnack.de\\\/#organization\"},\"potentialAction\":[{\"@type\":\"SearchAction\",\"target\":{\"@type\":\"EntryPoint\",\"urlTemplate\":\"https:\\\/\\\/ferienwohnung-bad-wilsnack.de\\\/?s={search_term_string}\"},\"query-input\":{\"@type\":\"PropertyValueSpecification\",\"valueRequired\":true,\"valueName\":\"search_term_string\"}}],\"inLanguage\":\"de\"},{\"@type\":\"Organization\",\"@id\":\"https:\\\/\\\/ferienwohnung-bad-wilsnack.de\\\/#organization\",\"name\":\"Ferienwohnung\",\"url\":\"https:\\\/\\\/ferienwohnung-bad-wilsnack.de\\\/\",\"logo\":{\"@type\":\"ImageObject\",\"inLanguage\":\"de\",\"@id\":\"https:\\\/\\\/ferienwohnung-bad-wilsnack.de\\\/#\\\/schema\\\/logo\\\/image\\\/\",\"url\":\"https:\\\/\\\/ferienwohnung-bad-wilsnack.de\\\/wp-content\\\/uploads\\\/2023\\\/05\\\/cropped-Haus-vorn-bearb.-3-Storch-scaled-1.jpg\",\"contentUrl\":\"https:\\\/\\\/ferienwohnung-bad-wilsnack.de\\\/wp-content\\\/uploads\\\/2023\\\/05\\\/cropped-Haus-vorn-bearb.-3-Storch-scaled-1.jpg\",\"width\":2232,\"height\":1707,\"caption\":\"Ferienwohnung\"},\"image\":{\"@id\":\"https:\\\/\\\/ferienwohnung-bad-wilsnack.de\\\/#\\\/schema\\\/logo\\\/image\\\/\"}}]}<\/script>\n<!-- \/ Yoast SEO plugin. -->","yoast_head_json":{"title":"Kontakt - Ferienwohnung","robots":{"index":"index","follow":"follow","max-snippet":"max-snippet:-1","max-image-preview":"max-image-preview:large","max-video-preview":"max-video-preview:-1"},"canonical":"https:\/\/ferienwohnung-bad-wilsnack.de\/index.php\/kontakt\/","og_locale":"de_DE","og_type":"article","og_title":"Kontakt - Ferienwohnung","og_description":"Kontakt Sie m\u00f6chten eine Wohnung buchen oder haben Fragen? Dann nehmen Sie bitte mit mir Kontakt auf. Der schnellste Weg ist der direkte Anruf. Mobil: 0176-73879610 oder Festnetz: 038791-849045 Sie k\u00f6nnen mir auch eine E-Mail schreiben. fw-loebel@arcor.de Postanschrift: FerienwohnungB. L\u00f6belPlattenburger Stra\u00dfe 319336 Bad Wilsnack Bitte aktiviere JavaScript in deinem Browser, um dieses Formular fertigzustellen.Bitte aktiviere...","og_url":"https:\/\/ferienwohnung-bad-wilsnack.de\/index.php\/kontakt\/","og_site_name":"Ferienwohnung","article_modified_time":"2024-01-28T22:25:52+00:00","og_image":[{"url":"https:\/\/ferienwohnung-bad-wilsnack.de\/wp-content\/plugins\/wpforms-lite\/assets\/images\/submit-spin.svg","type":"","width":"","height":""}],"twitter_card":"summary_large_image","twitter_misc":{"Gesch\u00e4tzte Lesezeit":"2\u00a0Minuten"},"schema":{"@context":"https:\/\/schema.org","@graph":[{"@type":"WebPage","@id":"https:\/\/ferienwohnung-bad-wilsnack.de\/index.php\/kontakt\/","url":"https:\/\/ferienwohnung-bad-wilsnack.de\/index.php\/kontakt\/","name":"Kontakt - Ferienwohnung","isPartOf":{"@id":"https:\/\/ferienwohnung-bad-wilsnack.de\/#website"},"primaryImageOfPage":{"@id":"https:\/\/ferienwohnung-bad-wilsnack.de\/index.php\/kontakt\/#primaryimage"},"image":{"@id":"https:\/\/ferienwohnung-bad-wilsnack.de\/index.php\/kontakt\/#primaryimage"},"thumbnailUrl":"https:\/\/ferienwohnung-bad-wilsnack.de\/wp-content\/plugins\/wpforms-lite\/assets\/images\/submit-spin.svg","datePublished":"2023-05-29T12:39:18+00:00","dateModified":"2024-01-28T22:25:52+00:00","breadcrumb":{"@id":"https:\/\/ferienwohnung-bad-wilsnack.de\/index.php\/kontakt\/#breadcrumb"},"inLanguage":"de","potentialAction":[{"@type":"ReadAction","target":["https:\/\/ferienwohnung-bad-wilsnack.de\/index.php\/kontakt\/"]}]},{"@type":"ImageObject","inLanguage":"de","@id":"https:\/\/ferienwohnung-bad-wilsnack.de\/index.php\/kontakt\/#primaryimage","url":"https:\/\/ferienwohnung-bad-wilsnack.de\/wp-content\/plugins\/wpforms-lite\/assets\/images\/submit-spin.svg","contentUrl":"https:\/\/ferienwohnung-bad-wilsnack.de\/wp-content\/plugins\/wpforms-lite\/assets\/images\/submit-spin.svg"},{"@type":"BreadcrumbList","@id":"https:\/\/ferienwohnung-bad-wilsnack.de\/index.php\/kontakt\/#breadcrumb","itemListElement":[{"@type":"ListItem","position":1,"name":"Startseite","item":"https:\/\/ferienwohnung-bad-wilsnack.de\/"},{"@type":"ListItem","position":2,"name":"Kontakt"}]},{"@type":"WebSite","@id":"https:\/\/ferienwohnung-bad-wilsnack.de\/#website","url":"https:\/\/ferienwohnung-bad-wilsnack.de\/","name":"Ferienwohnung","description":"","publisher":{"@id":"https:\/\/ferienwohnung-bad-wilsnack.de\/#organization"},"potentialAction":[{"@type":"SearchAction","target":{"@type":"EntryPoint","urlTemplate":"https:\/\/ferienwohnung-bad-wilsnack.de\/?s={search_term_string}"},"query-input":{"@type":"PropertyValueSpecification","valueRequired":true,"valueName":"search_term_string"}}],"inLanguage":"de"},{"@type":"Organization","@id":"https:\/\/ferienwohnung-bad-wilsnack.de\/#organization","name":"Ferienwohnung","url":"https:\/\/ferienwohnung-bad-wilsnack.de\/","logo":{"@type":"ImageObject","inLanguage":"de","@id":"https:\/\/ferienwohnung-bad-wilsnack.de\/#\/schema\/logo\/image\/","url":"https:\/\/ferienwohnung-bad-wilsnack.de\/wp-content\/uploads\/2023\/05\/cropped-Haus-vorn-bearb.-3-Storch-scaled-1.jpg","contentUrl":"https:\/\/ferienwohnung-bad-wilsnack.de\/wp-content\/uploads\/2023\/05\/cropped-Haus-vorn-bearb.-3-Storch-scaled-1.jpg","width":2232,"height":1707,"caption":"Ferienwohnung"},"image":{"@id":"https:\/\/ferienwohnung-bad-wilsnack.de\/#\/schema\/logo\/image\/"}}]}},"_links":{"self":[{"href":"https:\/\/ferienwohnung-bad-wilsnack.de\/index.php\/wp-json\/wp\/v2\/pages\/118","targetHints":{"allow":["GET"]}}],"collection":[{"href":"https:\/\/ferienwohnung-bad-wilsnack.de\/index.php\/wp-json\/wp\/v2\/pages"}],"about":[{"href":"https:\/\/ferienwohnung-bad-wilsnack.de\/index.php\/wp-json\/wp\/v2\/types\/page"}],"author":[{"embeddable":true,"href":"https:\/\/ferienwohnung-bad-wilsnack.de\/index.php\/wp-json\/wp\/v2\/users\/1"}],"replies":[{"embeddable":true,"href":"https:\/\/ferienwohnung-bad-wilsnack.de\/index.php\/wp-json\/wp\/v2\/comments?post=118"}],"version-history":[{"count":33,"href":"https:\/\/ferienwohnung-bad-wilsnack.de\/index.php\/wp-json\/wp\/v2\/pages\/118\/revisions"}],"predecessor-version":[{"id":323,"href":"https:\/\/ferienwohnung-bad-wilsnack.de\/index.php\/wp-json\/wp\/v2\/pages\/118\/revisions\/323"}],"wp:attachment":[{"href":"https:\/\/ferienwohnung-bad-wilsnack.de\/index.php\/wp-json\/wp\/v2\/media?parent=118"}],"curies":[{"name":"wp","href":"https:\/\/api.w.org\/{rel}","templated":true}]}}