{"id":62,"date":"2023-05-29T10:49:46","date_gmt":"2023-05-29T10:49:46","guid":{"rendered":"https:\/\/www.ferienwohnung-wilsnack.de\/?page_id=62"},"modified":"2024-03-10T17:25:02","modified_gmt":"2024-03-10T17:25:02","slug":"ferienwohnung-2","status":"publish","type":"page","link":"https:\/\/ferienwohnung-bad-wilsnack.de\/index.php\/ferienwohnung-2\/","title":{"rendered":"Ferienwohnung 2"},"content":{"rendered":"\t\t<div data-elementor-type=\"wp-page\" data-elementor-id=\"62\" class=\"elementor elementor-62\">\n\t\t\t\t\t\t<section class=\"elementor-section elementor-top-section elementor-element elementor-element-e7ba01f elementor-section-boxed elementor-section-height-default elementor-section-height-default\" data-id=\"e7ba01f\" data-element_type=\"section\" data-e-type=\"section\">\n\t\t\t\t\t\t<div class=\"elementor-container elementor-column-gap-default\">\n\t\t\t\t\t<div class=\"elementor-column elementor-col-100 elementor-top-column elementor-element elementor-element-129df54\" data-id=\"129df54\" data-element_type=\"column\" data-e-type=\"column\">\n\t\t\t<div class=\"elementor-widget-wrap elementor-element-populated\">\n\t\t\t\t\t\t<div class=\"elementor-element elementor-element-d53c649 elementor-widget elementor-widget-heading\" data-id=\"d53c649\" data-element_type=\"widget\" data-e-type=\"widget\" data-widget_type=\"heading.default\">\n\t\t\t\t<div class=\"elementor-widget-container\">\n\t\t\t\t\t<h2 class=\"elementor-heading-title elementor-size-default\">Ferienwohnung 2 - oben<\/h2>\t\t\t\t<\/div>\n\t\t\t\t<\/div>\n\t\t\t\t\t<\/div>\n\t\t<\/div>\n\t\t\t\t\t<\/div>\n\t\t<\/section>\n\t\t\t\t<section class=\"elementor-section elementor-top-section elementor-element elementor-element-7cc8c9b elementor-section-boxed elementor-section-height-default elementor-section-height-default\" data-id=\"7cc8c9b\" data-element_type=\"section\" data-e-type=\"section\">\n\t\t\t\t\t\t<div class=\"elementor-container elementor-column-gap-default\">\n\t\t\t\t\t<div class=\"elementor-column elementor-col-100 elementor-top-column elementor-element elementor-element-4f14afd\" data-id=\"4f14afd\" data-element_type=\"column\" data-e-type=\"column\">\n\t\t\t<div class=\"elementor-widget-wrap elementor-element-populated\">\n\t\t\t\t\t\t<div class=\"elementor-element elementor-element-bdc6b5e elementor-widget elementor-widget-text-editor\" data-id=\"bdc6b5e\" data-element_type=\"widget\" data-e-type=\"widget\" data-widget_type=\"text-editor.default\">\n\t\t\t\t<div class=\"elementor-widget-container\">\n\t\t\t\t\t\t\t\t\t<p>Willkommen in unserer gem\u00fctlichen Ferienwohnung im Obergeschoss!&nbsp;&nbsp;&nbsp;&nbsp;&nbsp;&nbsp;&nbsp;&nbsp;&nbsp; Perfekt f\u00fcr einen mehrt\u00e4gigen Aufenthalt bietet Ihnen diese Wohnung alles, was Sie ben\u00f6tigen, um sich wohlzuf\u00fchlen.&nbsp;&nbsp;&nbsp;&nbsp;&nbsp;&nbsp;&nbsp;&nbsp;&nbsp;&nbsp;&nbsp; Das&nbsp; Wohnzimmer ist ausgestattet mit Polsterm\u00f6ben und Coutchtisch, ein Fernsehger\u00e4t, DVD-Spieler und ein Radio mit CD-Player.&nbsp;&nbsp;&nbsp;&nbsp;&nbsp;&nbsp;&nbsp;&nbsp;&nbsp;&nbsp; Die K\u00fcche hat einen Essplatz und soweit alles, um sich zu versorgen.&nbsp;&nbsp;&nbsp;&nbsp;&nbsp;&nbsp;&nbsp;&nbsp; Das Schlafzimmer hat ein Doppelbett und einem ger\u00e4umigen Schrank.&nbsp;&nbsp;&nbsp;&nbsp;&nbsp;&nbsp;&nbsp;&nbsp; Nutzen Sie die Dachterrasse mit Gartenm\u00f6beln, um die frische Luft und den Blick auf die Umgebung zu genie\u00dfen. Hier k\u00f6nnen Sie sich zur\u00fccklehnen und Ihren Urlaub in Bad Wilsnack in vollen Z\u00fcgen genie\u00dfen.&nbsp;&nbsp;&nbsp;&nbsp;&nbsp;&nbsp;&nbsp;&nbsp;&nbsp;&nbsp;&nbsp;&nbsp;&nbsp; Die zentrale Lage der Ferienwohnung erm\u00f6glicht es Ihnen, bequem die Sehensw\u00fcrdigkeiten der Stadt zu erkunden.&nbsp;&nbsp;&nbsp;&nbsp;&nbsp;&nbsp;&nbsp;&nbsp;&nbsp;&nbsp;&nbsp; Besuchen Sie die historische Wunderblutkirche oder entspannen Sie im nahe gelegenen Thermalbad.&nbsp;&nbsp;&nbsp;&nbsp;&nbsp;&nbsp;&nbsp; Auch Naturfreunde kommen auf ihre Kosten, da es in der Umgebung zahlreiche M\u00f6glichkeiten f\u00fcr Spazierg\u00e4nge und Wanderungen gibt.&nbsp;&nbsp; <br><\/p>\t\t\t\t\t\t\t\t<\/div>\n\t\t\t\t<\/div>\n\t\t\t\t\t<\/div>\n\t\t<\/div>\n\t\t\t\t\t<\/div>\n\t\t<\/section>\n\t\t\t\t<section class=\"elementor-section elementor-top-section elementor-element elementor-element-3949340 elementor-section-boxed elementor-section-height-default elementor-section-height-default\" data-id=\"3949340\" data-element_type=\"section\" data-e-type=\"section\">\n\t\t\t\t\t\t<div class=\"elementor-container elementor-column-gap-default\">\n\t\t\t\t\t<div class=\"elementor-column elementor-col-100 elementor-top-column elementor-element elementor-element-6730ae1\" data-id=\"6730ae1\" data-element_type=\"column\" data-e-type=\"column\">\n\t\t\t<div class=\"elementor-widget-wrap elementor-element-populated\">\n\t\t\t\t\t\t<div class=\"elementor-element elementor-element-4a35a30 elementor-arrows-position-inside elementor-pagination-position-outside elementor-widget elementor-widget-image-carousel\" data-id=\"4a35a30\" data-element_type=\"widget\" data-e-type=\"widget\" data-settings=\"{&quot;lazyload&quot;:&quot;yes&quot;,&quot;_animation&quot;:&quot;none&quot;,&quot;navigation&quot;:&quot;both&quot;,&quot;autoplay&quot;:&quot;yes&quot;,&quot;pause_on_hover&quot;:&quot;yes&quot;,&quot;pause_on_interaction&quot;:&quot;yes&quot;,&quot;autoplay_speed&quot;:5000,&quot;infinite&quot;:&quot;yes&quot;,&quot;speed&quot;:500}\" data-widget_type=\"image-carousel.default\">\n\t\t\t\t<div class=\"elementor-widget-container\">\n\t\t\t\t\t\t\t<div class=\"elementor-image-carousel-wrapper swiper\" role=\"region\" aria-roledescription=\"carousel\" aria-label=\"Bild Karussell\" dir=\"ltr\">\n\t\t\t<div class=\"elementor-image-carousel swiper-wrapper\" aria-live=\"off\">\n\t\t\t\t\t\t\t\t<div class=\"swiper-slide\" role=\"group\" aria-roledescription=\"slide\" aria-label=\"1 von 9\"><a data-elementor-open-lightbox=\"yes\" data-elementor-lightbox-slideshow=\"4a35a30\" data-elementor-lightbox-title=\"Fewo 2, Wohnzimmer, Bild 1\" data-e-action-hash=\"#elementor-action%3Aaction%3Dlightbox%26settings%3DeyJpZCI6MzM2LCJ1cmwiOiJodHRwczpcL1wvZmVyaWVud29obnVuZy1iYWQtd2lsc25hY2suZGVcL3dwLWNvbnRlbnRcL3VwbG9hZHNcLzIwMjRcLzAzXC9XWi1GZXdvLTItRmVuc3Rlci1ob2NoLVJhaG1lbi1zY2FsZWQuanBnIiwic2xpZGVzaG93IjoiNGEzNWEzMCJ9\" href=\"https:\/\/ferienwohnung-bad-wilsnack.de\/wp-content\/uploads\/2024\/03\/WZ-Fewo-2-Fenster-hoch-Rahmen-scaled.jpg\"><figure class=\"swiper-slide-inner\"><img class=\"swiper-slide-image swiper-lazy\" data-src=\"https:\/\/ferienwohnung-bad-wilsnack.de\/wp-content\/uploads\/2024\/03\/WZ-Fewo-2-Fenster-hoch-Rahmen-768x1024.jpg\" alt=\"Fewo 2, Wohnzimmer, Bild 1\" \/><div class=\"swiper-lazy-preloader\"><\/div><figcaption class=\"elementor-image-carousel-caption\">Fewo 2, Wohnzimmer, Bild 1<\/figcaption><\/figure><\/a><\/div><div class=\"swiper-slide\" role=\"group\" aria-roledescription=\"slide\" aria-label=\"2 von 9\"><a data-elementor-open-lightbox=\"yes\" data-elementor-lightbox-slideshow=\"4a35a30\" data-elementor-lightbox-title=\"Fewo 2, Wohnzimmer, Bild 2\" data-e-action-hash=\"#elementor-action%3Aaction%3Dlightbox%26settings%3DeyJpZCI6MzM1LCJ1cmwiOiJodHRwczpcL1wvZmVyaWVud29obnVuZy1iYWQtd2lsc25hY2suZGVcL3dwLWNvbnRlbnRcL3VwbG9hZHNcLzIwMjRcLzAzXC9XWi1GZXdvLTItVHVlci1icmVpdC1SYWhtZW4uanBnIiwic2xpZGVzaG93IjoiNGEzNWEzMCJ9\" href=\"https:\/\/ferienwohnung-bad-wilsnack.de\/wp-content\/uploads\/2024\/03\/WZ-Fewo-2-Tuer-breit-Rahmen.jpg\"><figure class=\"swiper-slide-inner\"><img class=\"swiper-slide-image swiper-lazy\" data-src=\"https:\/\/ferienwohnung-bad-wilsnack.de\/wp-content\/uploads\/2024\/03\/WZ-Fewo-2-Tuer-breit-Rahmen-1024x768.jpg\" alt=\"Fewo 2, Wohnzimmer, Bild 2\" \/><div class=\"swiper-lazy-preloader\"><\/div><figcaption class=\"elementor-image-carousel-caption\">Fewo 2, Wohnzimmer, Bild 2<\/figcaption><\/figure><\/a><\/div><div class=\"swiper-slide\" role=\"group\" aria-roledescription=\"slide\" aria-label=\"3 von 9\"><a data-elementor-open-lightbox=\"yes\" data-elementor-lightbox-slideshow=\"4a35a30\" data-elementor-lightbox-title=\"Fewo 2, Wohnzimmer, Bild 2\" data-e-action-hash=\"#elementor-action%3Aaction%3Dlightbox%26settings%3DeyJpZCI6MzMzLCJ1cmwiOiJodHRwczpcL1wvZmVyaWVud29obnVuZy1iYWQtd2lsc25hY2suZGVcL3dwLWNvbnRlbnRcL3VwbG9hZHNcLzIwMjRcLzAzXC9XWi1GZXdvLTItU2VpdGUtYnJlaXQtUmFobWVuLmpwZyIsInNsaWRlc2hvdyI6IjRhMzVhMzAifQ%3D%3D\" href=\"https:\/\/ferienwohnung-bad-wilsnack.de\/wp-content\/uploads\/2024\/03\/WZ-Fewo-2-Seite-breit-Rahmen.jpg\"><figure class=\"swiper-slide-inner\"><img class=\"swiper-slide-image swiper-lazy\" data-src=\"https:\/\/ferienwohnung-bad-wilsnack.de\/wp-content\/uploads\/2024\/03\/WZ-Fewo-2-Seite-breit-Rahmen-1024x768.jpg\" alt=\"Fewo 2, Wohnzimmer, Bild 3\" \/><div class=\"swiper-lazy-preloader\"><\/div><figcaption class=\"elementor-image-carousel-caption\">Fewo 2, Wohnzimmer, Bild 3<\/figcaption><\/figure><\/a><\/div><div class=\"swiper-slide\" role=\"group\" aria-roledescription=\"slide\" aria-label=\"4 von 9\"><a data-elementor-open-lightbox=\"yes\" data-elementor-lightbox-slideshow=\"4a35a30\" data-elementor-lightbox-title=\"Fewo 2, Schlafzimmer, Bild 1\" data-elementor-lightbox-description=\"Ferienwohnung 2 Schlafzimmer\" data-e-action-hash=\"#elementor-action%3Aaction%3Dlightbox%26settings%3DeyJpZCI6MzEsInVybCI6Imh0dHBzOlwvXC9mZXJpZW53b2hudW5nLWJhZC13aWxzbmFjay5kZVwvd3AtY29udGVudFwvdXBsb2Fkc1wvMjAyM1wvMDVcL0Zld28tMi1TWjEtc2NhbGVkLmpwZyIsInNsaWRlc2hvdyI6IjRhMzVhMzAifQ%3D%3D\" href=\"https:\/\/ferienwohnung-bad-wilsnack.de\/wp-content\/uploads\/2023\/05\/Fewo-2-SZ1-scaled.jpg\"><figure class=\"swiper-slide-inner\"><img class=\"swiper-slide-image swiper-lazy\" data-src=\"https:\/\/ferienwohnung-bad-wilsnack.de\/wp-content\/uploads\/2023\/05\/Fewo-2-SZ1-1024x768.jpg\" alt=\"Ferienwohnung 2 Schlafzimmer\" \/><div class=\"swiper-lazy-preloader\"><\/div><figcaption class=\"elementor-image-carousel-caption\">Fewo 2, Schlafzimmer, Bild 1<\/figcaption><\/figure><\/a><\/div><div class=\"swiper-slide\" role=\"group\" aria-roledescription=\"slide\" aria-label=\"5 von 9\"><a data-elementor-open-lightbox=\"yes\" data-elementor-lightbox-slideshow=\"4a35a30\" data-elementor-lightbox-title=\"Fewo 2, Schlafzimmer, Bild 2\" data-elementor-lightbox-description=\"Ferienwohnung 2 Schlafzimmer 2\" data-e-action-hash=\"#elementor-action%3Aaction%3Dlightbox%26settings%3DeyJpZCI6NDEsInVybCI6Imh0dHBzOlwvXC9mZXJpZW53b2hudW5nLWJhZC13aWxzbmFjay5kZVwvd3AtY29udGVudFwvdXBsb2Fkc1wvMjAyM1wvMDVcL0Zld28tMi1TWi0yLTEtc2NhbGVkLmpwZyIsInNsaWRlc2hvdyI6IjRhMzVhMzAifQ%3D%3D\" href=\"https:\/\/ferienwohnung-bad-wilsnack.de\/wp-content\/uploads\/2023\/05\/Fewo-2-SZ-2-1-scaled.jpg\"><figure class=\"swiper-slide-inner\"><img class=\"swiper-slide-image swiper-lazy\" data-src=\"https:\/\/ferienwohnung-bad-wilsnack.de\/wp-content\/uploads\/2023\/05\/Fewo-2-SZ-2-1-1024x768.jpg\" alt=\"Ferienwohnung 2 Schlafzimmer 2\" \/><div class=\"swiper-lazy-preloader\"><\/div><figcaption class=\"elementor-image-carousel-caption\">Fewo 2, Schlafzimmer, Bild 2<\/figcaption><\/figure><\/a><\/div><div class=\"swiper-slide\" role=\"group\" aria-roledescription=\"slide\" aria-label=\"6 von 9\"><a data-elementor-open-lightbox=\"yes\" data-elementor-lightbox-slideshow=\"4a35a30\" data-elementor-lightbox-title=\"Fewo 2, K\u00fcche, Bils 1\" data-elementor-lightbox-description=\"Ferienwohnung 2 K\u00fcche\" data-e-action-hash=\"#elementor-action%3Aaction%3Dlightbox%26settings%3DeyJpZCI6NDMsInVybCI6Imh0dHBzOlwvXC9mZXJpZW53b2hudW5nLWJhZC13aWxzbmFjay5kZVwvd3AtY29udGVudFwvdXBsb2Fkc1wvMjAyM1wvMDVcL0ZFV08tMi1LdWVjaGUtMS1zY2FsZWQuanBnIiwic2xpZGVzaG93IjoiNGEzNWEzMCJ9\" href=\"https:\/\/ferienwohnung-bad-wilsnack.de\/wp-content\/uploads\/2023\/05\/FEWO-2-Kueche-1-scaled.jpg\"><figure class=\"swiper-slide-inner\"><img class=\"swiper-slide-image swiper-lazy\" data-src=\"https:\/\/ferienwohnung-bad-wilsnack.de\/wp-content\/uploads\/2023\/05\/FEWO-2-Kueche-1-1024x768.jpg\" alt=\"Ferienwohnung 2 K\u00fcche\" \/><div class=\"swiper-lazy-preloader\"><\/div><figcaption class=\"elementor-image-carousel-caption\">Fewo 2, K\u00fcche, Bild 2<\/figcaption><\/figure><\/a><\/div><div class=\"swiper-slide\" role=\"group\" aria-roledescription=\"slide\" aria-label=\"7 von 9\"><a data-elementor-open-lightbox=\"yes\" data-elementor-lightbox-slideshow=\"4a35a30\" data-elementor-lightbox-title=\"Fewo 2 Bad , Ansicht 1\" data-e-action-hash=\"#elementor-action%3Aaction%3Dlightbox%26settings%3DeyJpZCI6Mzg2LCJ1cmwiOiJodHRwczpcL1wvZmVyaWVud29obnVuZy1iYWQtd2lsc25hY2suZGVcL3dwLWNvbnRlbnRcL3VwbG9hZHNcLzIwMjRcLzAzXC9GZXdvLTItQmFkLUFuc2ljaHQtMS0xLXNjYWxlZC5qcGciLCJzbGlkZXNob3ciOiI0YTM1YTMwIn0%3D\" href=\"https:\/\/ferienwohnung-bad-wilsnack.de\/wp-content\/uploads\/2024\/03\/Fewo-2-Bad-Ansicht-1-1-scaled.jpg\"><figure class=\"swiper-slide-inner\"><img class=\"swiper-slide-image swiper-lazy\" data-src=\"https:\/\/ferienwohnung-bad-wilsnack.de\/wp-content\/uploads\/2024\/03\/Fewo-2-Bad-Ansicht-1-1-1024x768.jpg\" alt=\"Fewo 2, Bad, Bild 1\" \/><div class=\"swiper-lazy-preloader\"><\/div><figcaption class=\"elementor-image-carousel-caption\">Fewo 2, Bad Bild 1<\/figcaption><\/figure><\/a><\/div><div class=\"swiper-slide\" role=\"group\" aria-roledescription=\"slide\" aria-label=\"8 von 9\"><a data-elementor-open-lightbox=\"yes\" data-elementor-lightbox-slideshow=\"4a35a30\" data-elementor-lightbox-title=\"Fewo 2, Bad, Bild 2\" data-e-action-hash=\"#elementor-action%3Aaction%3Dlightbox%26settings%3DeyJpZCI6MzkyLCJ1cmwiOiJodHRwczpcL1wvZmVyaWVud29obnVuZy1iYWQtd2lsc25hY2suZGVcL3dwLWNvbnRlbnRcL3VwbG9hZHNcLzIwMjRcLzAzXC9GZXdvLTItQmFkLUJpbGQtMi1zY2FsZWQuanBnIiwic2xpZGVzaG93IjoiNGEzNWEzMCJ9\" href=\"https:\/\/ferienwohnung-bad-wilsnack.de\/wp-content\/uploads\/2024\/03\/Fewo-2-Bad-Bild-2-scaled.jpg\"><figure class=\"swiper-slide-inner\"><img class=\"swiper-slide-image swiper-lazy\" data-src=\"https:\/\/ferienwohnung-bad-wilsnack.de\/wp-content\/uploads\/2024\/03\/Fewo-2-Bad-Bild-2-1024x768.jpg\" alt=\"Fewo 2, Bad, Bild 2\" \/><div class=\"swiper-lazy-preloader\"><\/div><figcaption class=\"elementor-image-carousel-caption\">Fewo 2, Bad, Bild 2<\/figcaption><\/figure><\/a><\/div><div class=\"swiper-slide\" role=\"group\" aria-roledescription=\"slide\" aria-label=\"9 von 9\"><a data-elementor-open-lightbox=\"yes\" data-elementor-lightbox-slideshow=\"4a35a30\" data-elementor-lightbox-title=\"Fewo 2,  Dachterrasse\" data-elementor-lightbox-description=\"Ferienwohnung 2 Dachterrasse\" data-e-action-hash=\"#elementor-action%3Aaction%3Dlightbox%26settings%3DeyJpZCI6MzIsInVybCI6Imh0dHBzOlwvXC9mZXJpZW53b2hudW5nLWJhZC13aWxzbmFjay5kZVwvd3AtY29udGVudFwvdXBsb2Fkc1wvMjAyM1wvMDVcL0Zld28tMi1EYWNodGVycmFzc2Utc2NhbGVkLmpwZyIsInNsaWRlc2hvdyI6IjRhMzVhMzAifQ%3D%3D\" href=\"https:\/\/ferienwohnung-bad-wilsnack.de\/wp-content\/uploads\/2023\/05\/Fewo-2-Dachterrasse-scaled.jpg\"><figure class=\"swiper-slide-inner\"><img class=\"swiper-slide-image swiper-lazy\" data-src=\"https:\/\/ferienwohnung-bad-wilsnack.de\/wp-content\/uploads\/2023\/05\/Fewo-2-Dachterrasse-1024x768.jpg\" alt=\"Ferienwohnung 2 Dachterrasse\" \/><div class=\"swiper-lazy-preloader\"><\/div><figcaption class=\"elementor-image-carousel-caption\">Fewo 2, Dachterrasse<\/figcaption><\/figure><\/a><\/div>\t\t\t<\/div>\n\t\t\t\t\t\t\t\t\t\t\t\t<div class=\"elementor-swiper-button elementor-swiper-button-prev\" role=\"button\" tabindex=\"0\">\n\t\t\t\t\t\t<i aria-hidden=\"true\" class=\"eicon-chevron-left\"><\/i>\t\t\t\t\t<\/div>\n\t\t\t\t\t<div class=\"elementor-swiper-button elementor-swiper-button-next\" role=\"button\" tabindex=\"0\">\n\t\t\t\t\t\t<i aria-hidden=\"true\" class=\"eicon-chevron-right\"><\/i>\t\t\t\t\t<\/div>\n\t\t\t\t\n\t\t\t\t\t\t\t\t\t<div class=\"swiper-pagination\"><\/div>\n\t\t\t\t\t\t\t\t\t<\/div>\n\t\t\t\t\t\t<\/div>\n\t\t\t\t<\/div>\n\t\t\t\t\t<\/div>\n\t\t<\/div>\n\t\t\t\t\t<\/div>\n\t\t<\/section>\n\t\t\t\t<\/div>\n\t\t","protected":false},"excerpt":{"rendered":"<p>Ferienwohnung 2 &#8211; oben Willkommen in unserer gem\u00fctlichen Ferienwohnung im Obergeschoss!&nbsp;&nbsp;&nbsp;&nbsp;&nbsp;&nbsp;&nbsp;&nbsp;&nbsp; Perfekt f\u00fcr einen mehrt\u00e4gigen Aufenthalt bietet Ihnen diese Wohnung alles, was Sie ben\u00f6tigen, um sich wohlzuf\u00fchlen.&nbsp;&nbsp;&nbsp;&nbsp;&nbsp;&nbsp;&nbsp;&nbsp;&nbsp;&nbsp;&nbsp; Das&nbsp; Wohnzimmer ist ausgestattet mit Polsterm\u00f6ben und Coutchtisch, ein Fernsehger\u00e4t, DVD-Spieler und ein Radio mit CD-Player.&nbsp;&nbsp;&nbsp;&nbsp;&nbsp;&nbsp;&nbsp;&nbsp;&nbsp;&nbsp; Die K\u00fcche hat einen Essplatz und soweit alles, um sich zu versorgen.&nbsp;&nbsp;&nbsp;&nbsp;&nbsp;&nbsp;&nbsp;&nbsp;&#8230;<\/p>\n","protected":false},"author":1,"featured_media":0,"parent":0,"menu_order":0,"comment_status":"closed","ping_status":"closed","template":"","meta":{"_acf_changed":false,"_kad_post_transparent":"","_kad_post_title":"hide","_kad_post_layout":"fullwidth","_kad_post_sidebar_id":"","_kad_post_content_style":"unboxed","_kad_post_vertical_padding":"hide","_kad_post_feature":"hide","_kad_post_feature_position":"","_kad_post_header":false,"_kad_post_footer":false,"footnotes":""},"class_list":["post-62","page","type-page","status-publish","hentry"],"acf":[],"yoast_head":"<!-- This site is optimized with the Yoast SEO plugin v27.5 - https:\/\/yoast.com\/product\/yoast-seo-wordpress\/ -->\n<title>Gem\u00fctliche Ferienwohnung Bad Wilsnack - Jetzt buchen!<\/title>\n<meta name=\"description\" content=\"Gem\u00fctliche Ferienwohnung in Bad Wilsnack. Buchen Sie jetzt f\u00fcr einen erholsamen Aufenthalt mit Bad, K\u00fcche und Dachterrasse!\" \/>\n<meta name=\"robots\" content=\"index, follow, max-snippet:-1, max-image-preview:large, max-video-preview:-1\" \/>\n<link rel=\"canonical\" href=\"https:\/\/ferienwohnung-bad-wilsnack.de\/index.php\/ferienwohnung-2\/\" \/>\n<meta property=\"og:locale\" content=\"de_DE\" \/>\n<meta property=\"og:type\" content=\"article\" \/>\n<meta property=\"og:title\" content=\"Gem\u00fctliche Ferienwohnung Bad Wilsnack - Jetzt buchen!\" \/>\n<meta property=\"og:description\" content=\"Gem\u00fctliche Ferienwohnung in Bad Wilsnack. Buchen Sie jetzt f\u00fcr einen erholsamen Aufenthalt mit Bad, K\u00fcche und Dachterrasse!\" \/>\n<meta property=\"og:url\" content=\"https:\/\/ferienwohnung-bad-wilsnack.de\/index.php\/ferienwohnung-2\/\" \/>\n<meta property=\"og:site_name\" content=\"Ferienwohnung\" \/>\n<meta property=\"article:modified_time\" content=\"2024-03-10T17:25:02+00:00\" \/>\n<meta property=\"og:image\" content=\"https:\/\/ferienwohnung-bad-wilsnack.de\/wp-content\/uploads\/2024\/03\/WZ-Fewo-2-Fenster-hoch-Rahmen-768x1024.jpg\" \/>\n<meta name=\"twitter:card\" content=\"summary_large_image\" \/>\n<meta name=\"twitter:label1\" content=\"Gesch\u00e4tzte Lesezeit\" \/>\n\t<meta name=\"twitter:data1\" content=\"5\u00a0Minuten\" \/>\n<script type=\"application\/ld+json\" class=\"yoast-schema-graph\">{\"@context\":\"https:\\\/\\\/schema.org\",\"@graph\":[{\"@type\":\"WebPage\",\"@id\":\"https:\\\/\\\/ferienwohnung-bad-wilsnack.de\\\/index.php\\\/ferienwohnung-2\\\/\",\"url\":\"https:\\\/\\\/ferienwohnung-bad-wilsnack.de\\\/index.php\\\/ferienwohnung-2\\\/\",\"name\":\"Gem\u00fctliche Ferienwohnung Bad Wilsnack - Jetzt buchen!\",\"isPartOf\":{\"@id\":\"https:\\\/\\\/ferienwohnung-bad-wilsnack.de\\\/#website\"},\"primaryImageOfPage\":{\"@id\":\"https:\\\/\\\/ferienwohnung-bad-wilsnack.de\\\/index.php\\\/ferienwohnung-2\\\/#primaryimage\"},\"image\":{\"@id\":\"https:\\\/\\\/ferienwohnung-bad-wilsnack.de\\\/index.php\\\/ferienwohnung-2\\\/#primaryimage\"},\"thumbnailUrl\":\"https:\\\/\\\/ferienwohnung-bad-wilsnack.de\\\/wp-content\\\/uploads\\\/2024\\\/03\\\/WZ-Fewo-2-Fenster-hoch-Rahmen-768x1024.jpg\",\"datePublished\":\"2023-05-29T10:49:46+00:00\",\"dateModified\":\"2024-03-10T17:25:02+00:00\",\"description\":\"Gem\u00fctliche Ferienwohnung in Bad Wilsnack. Buchen Sie jetzt f\u00fcr einen erholsamen Aufenthalt mit Bad, K\u00fcche und Dachterrasse!\",\"breadcrumb\":{\"@id\":\"https:\\\/\\\/ferienwohnung-bad-wilsnack.de\\\/index.php\\\/ferienwohnung-2\\\/#breadcrumb\"},\"inLanguage\":\"de\",\"potentialAction\":[{\"@type\":\"ReadAction\",\"target\":[\"https:\\\/\\\/ferienwohnung-bad-wilsnack.de\\\/index.php\\\/ferienwohnung-2\\\/\"]}]},{\"@type\":\"ImageObject\",\"inLanguage\":\"de\",\"@id\":\"https:\\\/\\\/ferienwohnung-bad-wilsnack.de\\\/index.php\\\/ferienwohnung-2\\\/#primaryimage\",\"url\":\"https:\\\/\\\/ferienwohnung-bad-wilsnack.de\\\/wp-content\\\/uploads\\\/2024\\\/03\\\/WZ-Fewo-2-Fenster-hoch-Rahmen-scaled.jpg\",\"contentUrl\":\"https:\\\/\\\/ferienwohnung-bad-wilsnack.de\\\/wp-content\\\/uploads\\\/2024\\\/03\\\/WZ-Fewo-2-Fenster-hoch-Rahmen-scaled.jpg\",\"width\":1920,\"height\":2560,\"caption\":\"Fewo 2, Wohnzimmer, Bild 1\"},{\"@type\":\"BreadcrumbList\",\"@id\":\"https:\\\/\\\/ferienwohnung-bad-wilsnack.de\\\/index.php\\\/ferienwohnung-2\\\/#breadcrumb\",\"itemListElement\":[{\"@type\":\"ListItem\",\"position\":1,\"name\":\"Startseite\",\"item\":\"https:\\\/\\\/ferienwohnung-bad-wilsnack.de\\\/\"},{\"@type\":\"ListItem\",\"position\":2,\"name\":\"Ferienwohnung 2\"}]},{\"@type\":\"WebSite\",\"@id\":\"https:\\\/\\\/ferienwohnung-bad-wilsnack.de\\\/#website\",\"url\":\"https:\\\/\\\/ferienwohnung-bad-wilsnack.de\\\/\",\"name\":\"Ferienwohnung\",\"description\":\"\",\"publisher\":{\"@id\":\"https:\\\/\\\/ferienwohnung-bad-wilsnack.de\\\/#organization\"},\"potentialAction\":[{\"@type\":\"SearchAction\",\"target\":{\"@type\":\"EntryPoint\",\"urlTemplate\":\"https:\\\/\\\/ferienwohnung-bad-wilsnack.de\\\/?s={search_term_string}\"},\"query-input\":{\"@type\":\"PropertyValueSpecification\",\"valueRequired\":true,\"valueName\":\"search_term_string\"}}],\"inLanguage\":\"de\"},{\"@type\":\"Organization\",\"@id\":\"https:\\\/\\\/ferienwohnung-bad-wilsnack.de\\\/#organization\",\"name\":\"Ferienwohnung\",\"url\":\"https:\\\/\\\/ferienwohnung-bad-wilsnack.de\\\/\",\"logo\":{\"@type\":\"ImageObject\",\"inLanguage\":\"de\",\"@id\":\"https:\\\/\\\/ferienwohnung-bad-wilsnack.de\\\/#\\\/schema\\\/logo\\\/image\\\/\",\"url\":\"https:\\\/\\\/ferienwohnung-bad-wilsnack.de\\\/wp-content\\\/uploads\\\/2023\\\/05\\\/cropped-Haus-vorn-bearb.-3-Storch-scaled-1.jpg\",\"contentUrl\":\"https:\\\/\\\/ferienwohnung-bad-wilsnack.de\\\/wp-content\\\/uploads\\\/2023\\\/05\\\/cropped-Haus-vorn-bearb.-3-Storch-scaled-1.jpg\",\"width\":2232,\"height\":1707,\"caption\":\"Ferienwohnung\"},\"image\":{\"@id\":\"https:\\\/\\\/ferienwohnung-bad-wilsnack.de\\\/#\\\/schema\\\/logo\\\/image\\\/\"}}]}<\/script>\n<!-- \/ Yoast SEO plugin. -->","yoast_head_json":{"title":"Gem\u00fctliche Ferienwohnung Bad Wilsnack - Jetzt buchen!","description":"Gem\u00fctliche Ferienwohnung in Bad Wilsnack. Buchen Sie jetzt f\u00fcr einen erholsamen Aufenthalt mit Bad, K\u00fcche und Dachterrasse!","robots":{"index":"index","follow":"follow","max-snippet":"max-snippet:-1","max-image-preview":"max-image-preview:large","max-video-preview":"max-video-preview:-1"},"canonical":"https:\/\/ferienwohnung-bad-wilsnack.de\/index.php\/ferienwohnung-2\/","og_locale":"de_DE","og_type":"article","og_title":"Gem\u00fctliche Ferienwohnung Bad Wilsnack - Jetzt buchen!","og_description":"Gem\u00fctliche Ferienwohnung in Bad Wilsnack. Buchen Sie jetzt f\u00fcr einen erholsamen Aufenthalt mit Bad, K\u00fcche und Dachterrasse!","og_url":"https:\/\/ferienwohnung-bad-wilsnack.de\/index.php\/ferienwohnung-2\/","og_site_name":"Ferienwohnung","article_modified_time":"2024-03-10T17:25:02+00:00","og_image":[{"url":"https:\/\/ferienwohnung-bad-wilsnack.de\/wp-content\/uploads\/2024\/03\/WZ-Fewo-2-Fenster-hoch-Rahmen-768x1024.jpg","type":"","width":"","height":""}],"twitter_card":"summary_large_image","twitter_misc":{"Gesch\u00e4tzte Lesezeit":"5\u00a0Minuten"},"schema":{"@context":"https:\/\/schema.org","@graph":[{"@type":"WebPage","@id":"https:\/\/ferienwohnung-bad-wilsnack.de\/index.php\/ferienwohnung-2\/","url":"https:\/\/ferienwohnung-bad-wilsnack.de\/index.php\/ferienwohnung-2\/","name":"Gem\u00fctliche Ferienwohnung Bad Wilsnack - Jetzt buchen!","isPartOf":{"@id":"https:\/\/ferienwohnung-bad-wilsnack.de\/#website"},"primaryImageOfPage":{"@id":"https:\/\/ferienwohnung-bad-wilsnack.de\/index.php\/ferienwohnung-2\/#primaryimage"},"image":{"@id":"https:\/\/ferienwohnung-bad-wilsnack.de\/index.php\/ferienwohnung-2\/#primaryimage"},"thumbnailUrl":"https:\/\/ferienwohnung-bad-wilsnack.de\/wp-content\/uploads\/2024\/03\/WZ-Fewo-2-Fenster-hoch-Rahmen-768x1024.jpg","datePublished":"2023-05-29T10:49:46+00:00","dateModified":"2024-03-10T17:25:02+00:00","description":"Gem\u00fctliche Ferienwohnung in Bad Wilsnack. Buchen Sie jetzt f\u00fcr einen erholsamen Aufenthalt mit Bad, K\u00fcche und Dachterrasse!","breadcrumb":{"@id":"https:\/\/ferienwohnung-bad-wilsnack.de\/index.php\/ferienwohnung-2\/#breadcrumb"},"inLanguage":"de","potentialAction":[{"@type":"ReadAction","target":["https:\/\/ferienwohnung-bad-wilsnack.de\/index.php\/ferienwohnung-2\/"]}]},{"@type":"ImageObject","inLanguage":"de","@id":"https:\/\/ferienwohnung-bad-wilsnack.de\/index.php\/ferienwohnung-2\/#primaryimage","url":"https:\/\/ferienwohnung-bad-wilsnack.de\/wp-content\/uploads\/2024\/03\/WZ-Fewo-2-Fenster-hoch-Rahmen-scaled.jpg","contentUrl":"https:\/\/ferienwohnung-bad-wilsnack.de\/wp-content\/uploads\/2024\/03\/WZ-Fewo-2-Fenster-hoch-Rahmen-scaled.jpg","width":1920,"height":2560,"caption":"Fewo 2, Wohnzimmer, Bild 1"},{"@type":"BreadcrumbList","@id":"https:\/\/ferienwohnung-bad-wilsnack.de\/index.php\/ferienwohnung-2\/#breadcrumb","itemListElement":[{"@type":"ListItem","position":1,"name":"Startseite","item":"https:\/\/ferienwohnung-bad-wilsnack.de\/"},{"@type":"ListItem","position":2,"name":"Ferienwohnung 2"}]},{"@type":"WebSite","@id":"https:\/\/ferienwohnung-bad-wilsnack.de\/#website","url":"https:\/\/ferienwohnung-bad-wilsnack.de\/","name":"Ferienwohnung","description":"","publisher":{"@id":"https:\/\/ferienwohnung-bad-wilsnack.de\/#organization"},"potentialAction":[{"@type":"SearchAction","target":{"@type":"EntryPoint","urlTemplate":"https:\/\/ferienwohnung-bad-wilsnack.de\/?s={search_term_string}"},"query-input":{"@type":"PropertyValueSpecification","valueRequired":true,"valueName":"search_term_string"}}],"inLanguage":"de"},{"@type":"Organization","@id":"https:\/\/ferienwohnung-bad-wilsnack.de\/#organization","name":"Ferienwohnung","url":"https:\/\/ferienwohnung-bad-wilsnack.de\/","logo":{"@type":"ImageObject","inLanguage":"de","@id":"https:\/\/ferienwohnung-bad-wilsnack.de\/#\/schema\/logo\/image\/","url":"https:\/\/ferienwohnung-bad-wilsnack.de\/wp-content\/uploads\/2023\/05\/cropped-Haus-vorn-bearb.-3-Storch-scaled-1.jpg","contentUrl":"https:\/\/ferienwohnung-bad-wilsnack.de\/wp-content\/uploads\/2023\/05\/cropped-Haus-vorn-bearb.-3-Storch-scaled-1.jpg","width":2232,"height":1707,"caption":"Ferienwohnung"},"image":{"@id":"https:\/\/ferienwohnung-bad-wilsnack.de\/#\/schema\/logo\/image\/"}}]}},"_links":{"self":[{"href":"https:\/\/ferienwohnung-bad-wilsnack.de\/index.php\/wp-json\/wp\/v2\/pages\/62","targetHints":{"allow":["GET"]}}],"collection":[{"href":"https:\/\/ferienwohnung-bad-wilsnack.de\/index.php\/wp-json\/wp\/v2\/pages"}],"about":[{"href":"https:\/\/ferienwohnung-bad-wilsnack.de\/index.php\/wp-json\/wp\/v2\/types\/page"}],"author":[{"embeddable":true,"href":"https:\/\/ferienwohnung-bad-wilsnack.de\/index.php\/wp-json\/wp\/v2\/users\/1"}],"replies":[{"embeddable":true,"href":"https:\/\/ferienwohnung-bad-wilsnack.de\/index.php\/wp-json\/wp\/v2\/comments?post=62"}],"version-history":[{"count":46,"href":"https:\/\/ferienwohnung-bad-wilsnack.de\/index.php\/wp-json\/wp\/v2\/pages\/62\/revisions"}],"predecessor-version":[{"id":425,"href":"https:\/\/ferienwohnung-bad-wilsnack.de\/index.php\/wp-json\/wp\/v2\/pages\/62\/revisions\/425"}],"wp:attachment":[{"href":"https:\/\/ferienwohnung-bad-wilsnack.de\/index.php\/wp-json\/wp\/v2\/media?parent=62"}],"curies":[{"name":"wp","href":"https:\/\/api.w.org\/{rel}","templated":true}]}}